{"id":251,"date":"2024-08-23T11:23:38","date_gmt":"2024-08-23T09:23:38","guid":{"rendered":"http:\/\/wordpress.p671235.webspaceconfig.de\/?page_id=251"},"modified":"2025-10-21T12:19:24","modified_gmt":"2025-10-21T10:19:24","slug":"podcast","status":"publish","type":"page","link":"https:\/\/www.tbfsam.com\/de\/mediathek\/podcast\/","title":{"rendered":"Podcast"},"content":{"rendered":"<section class=\"bde-section-251-100 bde-section\">\n  \n  \n\t\n\n\n\n<div class=\"section-container\"><\/div>\n<\/section><section class=\"bde-section-251-101 bde-section\" data-entrance=\"fade\">\n              \n  \n  \n\t\n\n  <div class=\"section-background-overlay\"><\/div>\n\n\n<div class=\"section-container\"><div class=\"bde-div-251-102 bde-div\">\n  \n  \n\t\n\n\n\n<h1 class=\"bde-heading-251-103 bde-heading\">\nTBF<br>ROSINEN<br>PICKER\n<\/h1>\n<\/div><div class=\"de-scroll-button-251-104 de-scroll-button\" role=\"button\" aria-label=\"Scroll Button\">\n  <div class=\"de-icon mouse\">      \n        \t<div class=\"scroll\"><\/div>\n  \t  <\/div>\n\n\n<\/div><\/div>\n<\/section><section class=\"bde-section-251-176 bde-section\" data-entrance=\"fade\">\n  \n  \n\t\n\n\n\n<div class=\"section-container\"><div class=\"bde-div-251-177 bde-div\">\n  \n  \n\t\n\n\n\n<h1 class=\"bde-heading-251-178 bde-heading\">\nGemeinsam stark\n<\/h1><div class=\"bde-text-251-179 bde-text\">\nUnser Podcast in Kooperation mit dem B\u00f6rsenradio\n<\/div><div class=\"bde-text-251-180 bde-text\">\nDie B\u00f6rsen Radio Network AG produziert Radiobeitr\u00e4ge, Interviews und Podcasts zu B\u00f6rsenthemen f\u00fcr Radiostationen und Internetportale.\u00a0In unserem TBF Rosinenpicker bringen wir gemeinsam aktuelle Trends, Expertenmeinungen und wertvolle Tipps direkt in Ihr Ohr. Erfahren Sie, was die M\u00e4rkte bewegt!\n<\/div>\n<\/div><div class=\"bde-div-251-181 bde-div\">\n  \n  \n\t\n\n\n\n<img decoding=\"async\" class=\"bde-image2-251-183 bde-image2\" src=\"https:\/\/www.tbfsam.com\/wp-content\/uploads\/BRNheader_3.jpg\" alt=\"Das Bild zeigt das Logo des B\u00f6rsenradios. Blauer Text auf hellem Hintergrund mit einem Mifrofon.\" loading=\"lazy\" srcset=\"https:\/\/www.tbfsam.com\/wp-content\/uploads\/BRNheader_3.jpg 869w, https:\/\/www.tbfsam.com\/wp-content\/uploads\/BRNheader_3-300x57.jpg 300w, https:\/\/www.tbfsam.com\/wp-content\/uploads\/BRNheader_3-150x28.jpg 150w, https:\/\/www.tbfsam.com\/wp-content\/uploads\/BRNheader_3-768x145.jpg 768w, https:\/\/www.tbfsam.com\/wp-content\/uploads\/BRNheader_3-18x3.jpg 18w\" sizes=\"(max-width: 869px) 100vw, 869px\" data-parallax=\"true\">\n<\/div><\/div>\n<\/section><section class=\"bde-section-251-187 bde-section\" data-entrance=\"fade\">\n  \n  \n\t\n\n\n\n<div class=\"section-container\"><div class=\"bde-div-251-188 bde-div\">\n  \n  \n\t\n\n\n\n<div class=\"bde-text-251-190 bde-text\">\nJetzt unseren Podcast abonnieren und keine neue Folge verpassen! Egal ob Spotify, Deezer, RTL+ oder Apple Podcasts.\n<\/div>\n<\/div><div class=\"bde-div-251-206 bde-div\">\n  \n  \n\t\n\n\n\n<a class=\"bde-container-link-251-235 bde-container-link breakdance-link\" href=\"https:\/\/open.spotify.com\/show\/2BKaXiJcTCpHEobEq7ohob\" target=\"_blank\" data-type=\"url\" rel=\"nofollow noopener\">\n  \n  \n\t\n\n\n\n<img decoding=\"async\" class=\"bde-image2-251-210 bde-image2\" src=\"https:\/\/www.tbfsam.com\/wp-content\/uploads\/Spotify.svg\" loading=\"lazy\" data-entrance=\"slideLeft\">\n\n<\/a><a class=\"bde-container-link-251-238 bde-container-link breakdance-link\" href=\"https:\/\/www.deezer.com\/en\/show\/5192757\" target=\"_blank\" data-type=\"url\" rel=\"nofollow noopener\">\n  \n  \n\t\n\n\n\n<img decoding=\"async\" class=\"bde-image2-251-211 bde-image2\" src=\"https:\/\/www.tbfsam.com\/wp-content\/uploads\/Deezer.svg\" loading=\"lazy\" data-entrance=\"slideUp\">\n\n<\/a><a class=\"bde-container-link-251-237 bde-container-link breakdance-link\" href=\"https:\/\/plus.rtl.de\/podcast\/rosinenpicker-der-podcast-von-tbf-1nroessra39s9\" target=\"_blank\" data-type=\"url\" rel=\"nofollow noopener\">\n  \n  \n\t\n\n\n\n<img decoding=\"async\" class=\"bde-image2-251-212 bde-image2\" src=\"https:\/\/www.tbfsam.com\/wp-content\/uploads\/RTL.svg\" loading=\"lazy\" data-entrance=\"slideDown\">\n\n<\/a><a class=\"bde-container-link-251-236 bde-container-link breakdance-link\" href=\"https:\/\/podcasts.apple.com\/us\/podcast\/rosinenpicker-der-podcast-von-tbf\/id1671998459\" target=\"_blank\" data-type=\"url\" rel=\"nofollow noopener\">\n  \n  \n\t\n\n\n\n<img decoding=\"async\" class=\"bde-image2-251-213 bde-image2\" src=\"https:\/\/www.tbfsam.com\/wp-content\/uploads\/Apple-Podcasts-150x28.png\" loading=\"lazy\" srcset=\"https:\/\/www.tbfsam.com\/wp-content\/uploads\/Apple-Podcasts.png 1875w, https:\/\/www.tbfsam.com\/wp-content\/uploads\/Apple-Podcasts-300x56.png 300w, https:\/\/www.tbfsam.com\/wp-content\/uploads\/Apple-Podcasts-1024x192.png 1024w, https:\/\/www.tbfsam.com\/wp-content\/uploads\/Apple-Podcasts-150x28.png 150w, https:\/\/www.tbfsam.com\/wp-content\/uploads\/Apple-Podcasts-768x144.png 768w, https:\/\/www.tbfsam.com\/wp-content\/uploads\/Apple-Podcasts-1536x288.png 1536w, https:\/\/www.tbfsam.com\/wp-content\/uploads\/Apple-Podcasts-18x3.png 18w\" sizes=\"(max-width: 1875px) 100vw, 1875px\" data-entrance=\"slideRight\">\n\n<\/a>\n<\/div><\/div>\n<\/section><section class=\"bde-section-251-146 bde-section\">\n  \n  \n\t\n\n\n\n<div class=\"section-container\"><div class=\"bde-div-251-153 bde-div\">\n  \n  \n\t\n\n\n\n<div class=\"bde-post-loop-251-154 bde-post-loop phox-facets-target phox-facets-target-default wpgb-content\" data-entrance=\"slideUp\"><div class=\"bde-loop bde-loop-grid ee-posts ee-posts-grid\">    <article class=\"bde-loop-item ee-post\">\n        <div class=\"bde-div-1460-100-7278-1460-1 bde-div bde-div-1460-100\">\n  \n  \n\t\n\n\n\n<img decoding=\"async\" class=\"bde-image2-1460-104-7278-1460-1 bde-image2 bde-image2-1460-104\" src=\"https:\/\/www.tbfsam.com\/wp-content\/uploads\/tbf-peter-dreide-stehend-beitrag.jpg\" alt=\"Das Bild zeigt TBF CIO Peter Dreide in Portraitansicht in Bad Homburg\" loading=\"lazy\" srcset=\"https:\/\/www.tbfsam.com\/wp-content\/uploads\/tbf-peter-dreide-stehend-beitrag.jpg 1000w, https:\/\/www.tbfsam.com\/wp-content\/uploads\/tbf-peter-dreide-stehend-beitrag-300x300.jpg 300w, https:\/\/www.tbfsam.com\/wp-content\/uploads\/tbf-peter-dreide-stehend-beitrag-150x150.jpg 150w, https:\/\/www.tbfsam.com\/wp-content\/uploads\/tbf-peter-dreide-stehend-beitrag-768x768.jpg 768w, https:\/\/www.tbfsam.com\/wp-content\/uploads\/tbf-peter-dreide-stehend-beitrag-12x12.jpg 12w\" sizes=\"(max-width: 1000px) 100vw, 1000px\"><h1 class=\"bde-heading-1460-101-7278-1460-1 bde-heading bde-heading-1460-101\">\n\u201eDer Finanz-Gourmet\u201c-Podcast\n<\/h1><div class=\"bde-text-1460-106-7278-1460-1 bde-text bde-text-1460-106\">\n21. April 2026\n<\/div><div class=\"bde-text-1460-103-7278-1460-1 bde-text bde-text-1460-103\">\nPeter Dreide war in Kupferminen im Kongo, auf der weltgr\u00f6\u00dften Rohstoffkonferenz in den USA und im Gespr\u00e4ch mit dem CEO von Europas gr\u00f6\u00dftem Energieversorger. Sein Blick auf die Energiewende ist n\u00fcchtern und unbequem.  Jetzt Podcast anh\u00f6ren bei www.private-banking-magazin.de.\n<\/div><div class=\"bde-button-1460-107-7278-1460-1 bde-button bde-button-1460-107\">\n        \n    \n    \n    \n    \n            \n            <button type=\"button\" class=\"button-atom button-atom--custom bde-button__button\"  >\n    \n        <span class=\"button-atom__text\">Folge anh\u00f6ren<\/span>\n\n                            \n        \n            <\/button>\n    \n\n\n<\/div>\n<\/div>    <\/article>\n    <article class=\"bde-loop-item ee-post\">\n        <div class=\"bde-div-1460-100-7251-1460-1 bde-div bde-div-1460-100\">\n  \n  \n\t\n\n\n\n<img decoding=\"async\" class=\"bde-image2-1460-104-7251-1460-1 bde-image2 bde-image2-1460-104\" src=\"https:\/\/www.tbfsam.com\/wp-content\/uploads\/tbf-neues-logo.jpg\" alt=\"Das Bild zeigt unser neues Logo in wei\u00df auf einem dunkelblauem Hintergrund.\" loading=\"lazy\" srcset=\"https:\/\/www.tbfsam.com\/wp-content\/uploads\/tbf-neues-logo.jpg 1200w, https:\/\/www.tbfsam.com\/wp-content\/uploads\/tbf-neues-logo-300x300.jpg 300w, https:\/\/www.tbfsam.com\/wp-content\/uploads\/tbf-neues-logo-1024x1024.jpg 1024w, https:\/\/www.tbfsam.com\/wp-content\/uploads\/tbf-neues-logo-150x150.jpg 150w, https:\/\/www.tbfsam.com\/wp-content\/uploads\/tbf-neues-logo-768x768.jpg 768w, https:\/\/www.tbfsam.com\/wp-content\/uploads\/tbf-neues-logo-12x12.jpg 12w\" sizes=\"(max-width: 1200px) 100vw, 1200px\"><h1 class=\"bde-heading-1460-101-7251-1460-1 bde-heading bde-heading-1460-101\">\nNeues Logo \u2013 Gleiche Werte\n<\/h1><div class=\"bde-text-1460-106-7251-1460-1 bde-text bde-text-1460-106\">\n16. April 2026\n<\/div><div class=\"bde-text-1460-103-7251-1460-1 bde-text bde-text-1460-103\">\nEin neues Kapitel f\u00fcr TBF. Heute ist es soweit, unser neues Logo geht live \u2013 ein sichtbares Zeichen f\u00fcr unsere Weiterentwicklung als Unternehmen.\r\nModerne Finanzl\u00f6sungen, starke Teamarbeit und eine klare Ausrichtung auf die Zukunft.\r\nWie an der B\u00f6rse gilt auch f\u00fcr uns: Stillstand ist keine Option. Entwicklung bedeutet, sich anzupassen, zu wachsen und neue Wege zu beschreiten.\r\nWir freuen uns darauf, diesen n\u00e4chsten Schritt gemeinsam mit unseren Kunden, Partnern und unserem Team zu gehen.\n<\/div><div class=\"bde-button-1460-107-7251-1460-1 bde-button bde-button-1460-107\">\n        \n    \n    \n    \n    \n            \n            <button type=\"button\" class=\"button-atom button-atom--custom bde-button__button\"  >\n    \n        <span class=\"button-atom__text\">Folge anh\u00f6ren<\/span>\n\n                            \n        \n            <\/button>\n    \n\n\n<\/div>\n<\/div>    <\/article>\n    <article class=\"bde-loop-item ee-post\">\n        <div class=\"bde-div-1460-100-7186-1460-1 bde-div bde-div-1460-100\">\n  \n  \n\t\n\n\n\n<img decoding=\"async\" class=\"bde-image2-1460-104-7186-1460-1 bde-image2 bde-image2-1460-104\" src=\"https:\/\/www.tbfsam.com\/wp-content\/uploads\/tbf-daumen-hoch-beitrag.jpg\" alt=\"Das Bild zeigt einen Daumen der nach oben zeigt, bestehend aus den typischen TBF Polygonen und Punkten. Die Farben sind in verschiedenen Blaut\u00f6nen gehalten.\" loading=\"lazy\" srcset=\"https:\/\/www.tbfsam.com\/wp-content\/uploads\/tbf-daumen-hoch-beitrag.jpg 1000w, https:\/\/www.tbfsam.com\/wp-content\/uploads\/tbf-daumen-hoch-beitrag-300x300.jpg 300w, https:\/\/www.tbfsam.com\/wp-content\/uploads\/tbf-daumen-hoch-beitrag-150x150.jpg 150w, https:\/\/www.tbfsam.com\/wp-content\/uploads\/tbf-daumen-hoch-beitrag-768x768.jpg 768w, https:\/\/www.tbfsam.com\/wp-content\/uploads\/tbf-daumen-hoch-beitrag-12x12.jpg 12w\" sizes=\"(max-width: 1000px) 100vw, 1000px\"><h1 class=\"bde-heading-1460-101-7186-1460-1 bde-heading bde-heading-1460-101\">\nLSEG Lipper Fund Awards f\u00fcr TBF\n<\/h1><div class=\"bde-text-1460-106-7186-1460-1 bde-text bde-text-1460-106\">\n10. April 2026\n<\/div><div class=\"bde-text-1460-103-7186-1460-1 bde-text bde-text-1460-103\">\nAuch dieses Jahr sind drei unserer Fonds ausgezeichnet worden. Wir freuen uns sehr dar\u00fcber! TBF SMART POWER EUR R, TBF ATTILA GLOBAL OPPORTUNITY EUR I und TBF US CORPORATE BONDS USD I.\n<\/div><div class=\"bde-button-1460-107-7186-1460-1 bde-button bde-button-1460-107\">\n        \n    \n    \n    \n    \n            \n            <button type=\"button\" class=\"button-atom button-atom--custom bde-button__button\"  >\n    \n        <span class=\"button-atom__text\">Folge anh\u00f6ren<\/span>\n\n                            \n        \n            <\/button>\n    \n\n\n<\/div>\n<\/div>    <\/article>\n    <article class=\"bde-loop-item ee-post\">\n        <div class=\"bde-div-1460-100-7126-1460-1 bde-div bde-div-1460-100\">\n  \n  \n\t\n\n\n\n<img decoding=\"async\" class=\"bde-image2-1460-104-7126-1460-1 bde-image2 bde-image2-1460-104\" src=\"https:\/\/www.tbfsam.com\/wp-content\/uploads\/tbf-patrick-vogel-1-beitrag.jpg\" alt=\"Das Bild zeigt TBF Senior Fondsmanager Patrick Vogel seitlich stehend vor einer Ziegelwand in Bad Homburg\" loading=\"lazy\" srcset=\"https:\/\/www.tbfsam.com\/wp-content\/uploads\/tbf-patrick-vogel-1-beitrag.jpg 1000w, https:\/\/www.tbfsam.com\/wp-content\/uploads\/tbf-patrick-vogel-1-beitrag-300x300.jpg 300w, https:\/\/www.tbfsam.com\/wp-content\/uploads\/tbf-patrick-vogel-1-beitrag-150x150.jpg 150w, https:\/\/www.tbfsam.com\/wp-content\/uploads\/tbf-patrick-vogel-1-beitrag-768x768.jpg 768w, https:\/\/www.tbfsam.com\/wp-content\/uploads\/tbf-patrick-vogel-1-beitrag-12x12.jpg 12w\" sizes=\"(max-width: 1000px) 100vw, 1000px\"><h1 class=\"bde-heading-1460-101-7126-1460-1 bde-heading bde-heading-1460-101\">\nDACH Investors Retreat\n<\/h1><div class=\"bde-text-1460-106-7126-1460-1 bde-text bde-text-1460-106\">\n23. M\u00e4rz 2026\n<\/div><div class=\"bde-text-1460-103-7126-1460-1 bde-text bde-text-1460-103\">\nDas DACH Investors Retreat bringt Branchenf\u00fchrer und Fachleute zusammen, um Wissen, Erkenntnisse und Strategien auszutauschen, die die Investmentbranche in der Region (Deutschland, \u00d6sterreich und Schweiz) pr\u00e4gen. F\u00fcr uns sind Patrick Vogel und Carsten Uekermann vor Ort.\n<\/div><div class=\"bde-button-1460-107-7126-1460-1 bde-button bde-button-1460-107\">\n        \n    \n    \n    \n    \n            \n            <button type=\"button\" class=\"button-atom button-atom--custom bde-button__button\"  >\n    \n        <span class=\"button-atom__text\">Folge anh\u00f6ren<\/span>\n\n                            \n        \n            <\/button>\n    \n\n\n<\/div>\n<\/div>    <\/article>\n    <article class=\"bde-loop-item ee-post\">\n        <div class=\"bde-div-1460-100-7113-1460-1 bde-div bde-div-1460-100\">\n  \n  \n\t\n\n\n\n<img decoding=\"async\" class=\"bde-image2-1460-104-7113-1460-1 bde-image2 bde-image2-1460-104\" src=\"https:\/\/www.tbfsam.com\/wp-content\/uploads\/tbf-fixed-income-beitrag.jpg\" alt=\"Das Bild zeigt eine Nahaufnahme eines Tresors mit Zahlenschloss. Titelbild des TBF FIXED INCOME\" loading=\"lazy\" srcset=\"https:\/\/www.tbfsam.com\/wp-content\/uploads\/tbf-fixed-income-beitrag.jpg 1000w, https:\/\/www.tbfsam.com\/wp-content\/uploads\/tbf-fixed-income-beitrag-300x300.jpg 300w, https:\/\/www.tbfsam.com\/wp-content\/uploads\/tbf-fixed-income-beitrag-150x150.jpg 150w, https:\/\/www.tbfsam.com\/wp-content\/uploads\/tbf-fixed-income-beitrag-768x768.jpg 768w, https:\/\/www.tbfsam.com\/wp-content\/uploads\/tbf-fixed-income-beitrag-12x12.jpg 12w\" sizes=\"(max-width: 1000px) 100vw, 1000px\"><h1 class=\"bde-heading-1460-101-7113-1460-1 bde-heading bde-heading-1460-101\">\nTBF FIXED INCOME &#8211; Update\n<\/h1><div class=\"bde-text-1460-106-7113-1460-1 bde-text bde-text-1460-106\">\n17. M\u00e4rz 2026\n<\/div><div class=\"bde-text-1460-103-7113-1460-1 bde-text bde-text-1460-103\">\nAktuelle Informationen zum Fonds von unserem Portfoliomanagement.\n<\/div><div class=\"bde-button-1460-107-7113-1460-1 bde-button bde-button-1460-107\">\n        \n    \n    \n    \n    \n            \n            <button type=\"button\" class=\"button-atom button-atom--custom bde-button__button\"  >\n    \n        <span class=\"button-atom__text\">Folge anh\u00f6ren<\/span>\n\n                            \n        \n            <\/button>\n    \n\n\n<\/div>\n<\/div>    <\/article>\n    <article class=\"bde-loop-item ee-post\">\n        <div class=\"bde-div-1460-100-7111-1460-1 bde-div bde-div-1460-100\">\n  \n  \n\t\n\n\n\n<img decoding=\"async\" class=\"bde-image2-1460-104-7111-1460-1 bde-image2 bde-image2-1460-104\" src=\"https:\/\/www.tbfsam.com\/wp-content\/uploads\/tbf-global-income-beitrag.jpg\" alt=\"Das Bild zeigt eine aufgeklappte Taschenuhr auf einen Blatt mit vielen Zahlen, alles in schwarz-wei\u00df. Titelbild Des TBF GLOBAL INCOME\" loading=\"lazy\" srcset=\"https:\/\/www.tbfsam.com\/wp-content\/uploads\/tbf-global-income-beitrag.jpg 1000w, https:\/\/www.tbfsam.com\/wp-content\/uploads\/tbf-global-income-beitrag-300x300.jpg 300w, https:\/\/www.tbfsam.com\/wp-content\/uploads\/tbf-global-income-beitrag-150x150.jpg 150w, https:\/\/www.tbfsam.com\/wp-content\/uploads\/tbf-global-income-beitrag-768x768.jpg 768w, https:\/\/www.tbfsam.com\/wp-content\/uploads\/tbf-global-income-beitrag-12x12.jpg 12w\" sizes=\"(max-width: 1000px) 100vw, 1000px\"><h1 class=\"bde-heading-1460-101-7111-1460-1 bde-heading bde-heading-1460-101\">\nTBF GLOBAL INCOME &#8211; Update\n<\/h1><div class=\"bde-text-1460-106-7111-1460-1 bde-text bde-text-1460-106\">\n17. M\u00e4rz 2026\n<\/div><div class=\"bde-text-1460-103-7111-1460-1 bde-text bde-text-1460-103\">\nAktuelle Informationen zum Fonds von unserem Portfoliomanagement.\n<\/div><div class=\"bde-button-1460-107-7111-1460-1 bde-button bde-button-1460-107\">\n        \n    \n    \n    \n    \n            \n            <button type=\"button\" class=\"button-atom button-atom--custom bde-button__button\"  >\n    \n        <span class=\"button-atom__text\">Folge anh\u00f6ren<\/span>\n\n                            \n        \n            <\/button>\n    \n\n\n<\/div>\n<\/div>    <\/article>\n    <article class=\"bde-loop-item ee-post\">\n        <div class=\"bde-div-1460-100-7095-1460-1 bde-div bde-div-1460-100\">\n  \n  \n\t\n\n\n\n<img decoding=\"async\" class=\"bde-image2-1460-104-7095-1460-1 bde-image2 bde-image2-1460-104\" src=\"https:\/\/www.tbfsam.com\/wp-content\/uploads\/tbf-fixed-income-beitrag.jpg\" alt=\"Das Bild zeigt eine Nahaufnahme eines Tresors mit Zahlenschloss. Titelbild des TBF FIXED INCOME\" loading=\"lazy\" srcset=\"https:\/\/www.tbfsam.com\/wp-content\/uploads\/tbf-fixed-income-beitrag.jpg 1000w, https:\/\/www.tbfsam.com\/wp-content\/uploads\/tbf-fixed-income-beitrag-300x300.jpg 300w, https:\/\/www.tbfsam.com\/wp-content\/uploads\/tbf-fixed-income-beitrag-150x150.jpg 150w, https:\/\/www.tbfsam.com\/wp-content\/uploads\/tbf-fixed-income-beitrag-768x768.jpg 768w, https:\/\/www.tbfsam.com\/wp-content\/uploads\/tbf-fixed-income-beitrag-12x12.jpg 12w\" sizes=\"(max-width: 1000px) 100vw, 1000px\"><h1 class=\"bde-heading-1460-101-7095-1460-1 bde-heading bde-heading-1460-101\">\nTBF FIXED INCOME \u2013 Verbraucherschutzforum Berlin\n<\/h1><div class=\"bde-text-1460-106-7095-1460-1 bde-text bde-text-1460-106\">\n11. M\u00e4rz 2026\n<\/div><div class=\"bde-text-1460-103-7095-1460-1 bde-text bde-text-1460-103\">\nAus Anlegersicht pr\u00e4sentiert sich der TBF FIXED INCOME im Gesch\u00e4ftsjahr 2024\/25 als ein aktiv gemanagter, global diversifizierter Rentenfonds mit klarem Fokus auf laufende Ertr\u00e4ge, Staats- und staatsnahe Anleihen sowie Investment-Grade-Qualit\u00e4t. Gesamten Artikel auf Verbraucherschutzforum.berlin lesen.\n<\/div><div class=\"bde-button-1460-107-7095-1460-1 bde-button bde-button-1460-107\">\n        \n    \n    \n    \n    \n            \n            <button type=\"button\" class=\"button-atom button-atom--custom bde-button__button\"  >\n    \n        <span class=\"button-atom__text\">Folge anh\u00f6ren<\/span>\n\n                            \n        \n            <\/button>\n    \n\n\n<\/div>\n<\/div>    <\/article>\n    <article class=\"bde-loop-item ee-post\">\n        <div class=\"bde-div-1460-100-7035-1460-1 bde-div bde-div-1460-100\">\n  \n  \n\t\n\n\n\n<img decoding=\"async\" class=\"bde-image2-1460-104-7035-1460-1 bde-image2 bde-image2-1460-104\" src=\"https:\/\/www.tbfsam.com\/wp-content\/uploads\/tbf-sven-wiede-stehend-beitrag.jpg\" alt=\"Das Bild zeigt TBF Vertriebsdirektor Sven Wiede seitlich stehend vor einer Ziegelwand in Bad Homburg\" loading=\"lazy\" srcset=\"https:\/\/www.tbfsam.com\/wp-content\/uploads\/tbf-sven-wiede-stehend-beitrag.jpg 1000w, https:\/\/www.tbfsam.com\/wp-content\/uploads\/tbf-sven-wiede-stehend-beitrag-300x300.jpg 300w, https:\/\/www.tbfsam.com\/wp-content\/uploads\/tbf-sven-wiede-stehend-beitrag-150x150.jpg 150w, https:\/\/www.tbfsam.com\/wp-content\/uploads\/tbf-sven-wiede-stehend-beitrag-768x768.jpg 768w, https:\/\/www.tbfsam.com\/wp-content\/uploads\/tbf-sven-wiede-stehend-beitrag-12x12.jpg 12w\" sizes=\"(max-width: 1000px) 100vw, 1000px\"><h1 class=\"bde-heading-1460-101-7035-1460-1 bde-heading bde-heading-1460-101\">\nSTOCKWAVES Tischgespr\u00e4che Augsburg\n<\/h1><div class=\"bde-text-1460-106-7035-1460-1 bde-text bde-text-1460-106\">\n10. M\u00e4rz 2026\n<\/div><div class=\"bde-text-1460-103-7035-1460-1 bde-text bde-text-1460-103\">\nAusgew\u00e4hlte Fondsgesellschaften pr\u00e4sentieren in exklusiver Runde ihre Strategien und Produkte. Sven Wiede freut sich auf den Austausch mit Ihnen.\n<\/div><div class=\"bde-button-1460-107-7035-1460-1 bde-button bde-button-1460-107\">\n        \n    \n    \n    \n    \n            \n            <button type=\"button\" class=\"button-atom button-atom--custom bde-button__button\"  >\n    \n        <span class=\"button-atom__text\">Folge anh\u00f6ren<\/span>\n\n                            \n        \n            <\/button>\n    \n\n\n<\/div>\n<\/div>    <\/article>\n    <article class=\"bde-loop-item ee-post\">\n        <div class=\"bde-div-1460-100-7033-1460-1 bde-div bde-div-1460-100\">\n  \n  \n\t\n\n\n\n<img decoding=\"async\" class=\"bde-image2-1460-104-7033-1460-1 bde-image2 bde-image2-1460-104\" src=\"https:\/\/www.tbfsam.com\/wp-content\/uploads\/tbf-sven-wiede-stehend-beitrag.jpg\" alt=\"Das Bild zeigt TBF Vertriebsdirektor Sven Wiede seitlich stehend vor einer Ziegelwand in Bad Homburg\" loading=\"lazy\" srcset=\"https:\/\/www.tbfsam.com\/wp-content\/uploads\/tbf-sven-wiede-stehend-beitrag.jpg 1000w, https:\/\/www.tbfsam.com\/wp-content\/uploads\/tbf-sven-wiede-stehend-beitrag-300x300.jpg 300w, https:\/\/www.tbfsam.com\/wp-content\/uploads\/tbf-sven-wiede-stehend-beitrag-150x150.jpg 150w, https:\/\/www.tbfsam.com\/wp-content\/uploads\/tbf-sven-wiede-stehend-beitrag-768x768.jpg 768w, https:\/\/www.tbfsam.com\/wp-content\/uploads\/tbf-sven-wiede-stehend-beitrag-12x12.jpg 12w\" sizes=\"(max-width: 1000px) 100vw, 1000px\"><h1 class=\"bde-heading-1460-101-7033-1460-1 bde-heading bde-heading-1460-101\">\nSTOCKWAVES Tischgespr\u00e4che Regensburg\n<\/h1><div class=\"bde-text-1460-106-7033-1460-1 bde-text bde-text-1460-106\">\n10. M\u00e4rz 2026\n<\/div><div class=\"bde-text-1460-103-7033-1460-1 bde-text bde-text-1460-103\">\nAusgew\u00e4hlte Fondsgesellschaften pr\u00e4sentieren in exklusiver Runde ihre Strategien und Produkte. Sven Wiede freut sich auf den Austausch mit Ihnen.\n<\/div><div class=\"bde-button-1460-107-7033-1460-1 bde-button bde-button-1460-107\">\n        \n    \n    \n    \n    \n            \n            <button type=\"button\" class=\"button-atom button-atom--custom bde-button__button\"  >\n    \n        <span class=\"button-atom__text\">Folge anh\u00f6ren<\/span>\n\n                            \n        \n            <\/button>\n    \n\n\n<\/div>\n<\/div>    <\/article>\n<\/div>\r\n<\/div><div class=\"bde-div-251-185 bde-div\">\n  \n  \n\t\n\n\n\n<div class=\"bde-wpgbfacet-251-184 bde-wpgbfacet\"><div class=\"wpgb-facet wpgb-loading wpgb-facet-3 wpgb-style-1\" data-facet=\"3\" data-grid=\"wpgb-content\"><\/div><\/div>\n<\/div>\n<\/div><\/div>\n<\/section>","protected":false},"excerpt":{"rendered":"<p>TBFROSINENPICKER Gemeinsam stark Unser Podcast in Kooperation mit dem B\u00f6rsenradio Die B\u00f6rsen Radio Network AG produziert Radiobeitr\u00e4ge, Interviews und Podcasts zu B\u00f6rsenthemen f\u00fcr Radiostationen und Internetportale.\u00a0In unserem TBF Rosinenpicker bringen wir gemeinsam aktuelle Trends, Expertenmeinungen und wertvolle Tipps direkt in Ihr Ohr. Erfahren Sie, was die M\u00e4rkte bewegt! Jetzt unseren Podcast abonnieren und keine neue [&hellip;]<\/p>\n","protected":false},"author":1,"featured_media":0,"parent":218,"menu_order":0,"comment_status":"closed","ping_status":"closed","template":"","meta":{"_acf_changed":false,"_breakdance_hide_in_design_set":false,"_breakdance_tags":"","footnotes":""},"class_list":["post-251","page","type-page","status-publish","hentry"],"acf":[],"publishpress_future_action":{"enabled":false,"date":"2026-05-06 10:14:47","action":"change-status","newStatus":"draft","terms":[],"taxonomy":"","extraData":[]},"publishpress_future_workflow_manual_trigger":{"enabledWorkflows":[]},"_links":{"self":[{"href":"https:\/\/www.tbfsam.com\/de\/wp-json\/wp\/v2\/pages\/251","targetHints":{"allow":["GET"]}}],"collection":[{"href":"https:\/\/www.tbfsam.com\/de\/wp-json\/wp\/v2\/pages"}],"about":[{"href":"https:\/\/www.tbfsam.com\/de\/wp-json\/wp\/v2\/types\/page"}],"author":[{"embeddable":true,"href":"https:\/\/www.tbfsam.com\/de\/wp-json\/wp\/v2\/users\/1"}],"replies":[{"embeddable":true,"href":"https:\/\/www.tbfsam.com\/de\/wp-json\/wp\/v2\/comments?post=251"}],"version-history":[{"count":5,"href":"https:\/\/www.tbfsam.com\/de\/wp-json\/wp\/v2\/pages\/251\/revisions"}],"predecessor-version":[{"id":6172,"href":"https:\/\/www.tbfsam.com\/de\/wp-json\/wp\/v2\/pages\/251\/revisions\/6172"}],"up":[{"embeddable":true,"href":"https:\/\/www.tbfsam.com\/de\/wp-json\/wp\/v2\/pages\/218"}],"wp:attachment":[{"href":"https:\/\/www.tbfsam.com\/de\/wp-json\/wp\/v2\/media?parent=251"}],"curies":[{"name":"wp","href":"https:\/\/api.w.org\/{rel}","templated":true}]}}